{"id":940,"date":"2017-12-09T12:14:31","date_gmt":"2017-12-09T12:14:31","guid":{"rendered":"https:\/\/gkp.org.rs\/?page_id=940"},"modified":"2017-12-11T10:38:23","modified_gmt":"2017-12-11T10:38:23","slug":"javne-skupstine-stanara","status":"publish","type":"page","link":"https:\/\/gkp.org.rs\/fr\/javne-skupstine-stanara\/","title":{"rendered":"Javne skup\u0161tine stanara"},"content":{"rendered":"<div id=\"pl-940\"  class=\"panel-layout\" ><div id=\"pg-940-0\"  class=\"panel-grid panel-no-style\" ><div id=\"pgc-940-0-0\"  class=\"panel-grid-cell\" ><div id=\"panel-940-0-0-0\" class=\"so-panel widget widget_category-posts cat-post-widget panel-first-child panel-last-child\" data-index=\"0\" ><ul id=\"category-posts-1-internal\" class=\"category-posts-internal\">\n<li class='cat-post-item'><a class=\"cat-post-everything-is-link\" href=\"https:\/\/gkp.org.rs\/fr\/javne-skupstine-stanara\/javna-tribina-novi-sad-grad-bez-opstina-opstine-grada-beograda-bez-mesnih-zajednica-11-februar-u-18h-czkd\/\" title=\"\"><div><span class=\"cat-post-title\">Javna tribina: NOVI SAD GRAD BEZ OP\u0160TINA \u2013 OP\u0160TINE GRADA BEOGRADA BEZ MESNIH ZAJEDNICA, 11. februar u 18h, CZKD<\/span><\/div><div><span class=\"cat-post-thumbnail cat-post-white\"><span class=\"cat-post-crop cat-post-format cat-post-format-standard\"><img loading=\"lazy\" decoding=\"async\" width=\"150\" height=\"150\" src=\"https:\/\/gkp.org.rs\/wp-content\/uploads\/2022\/02\/272776073_383633810238118_8395426655861971768_n.jpg\" class=\"attachment- size- wp-post-image\" alt=\"\" data-cat-posts-width=\"150\" data-cat-posts-height=\"150\" srcset=\"https:\/\/gkp.org.rs\/wp-content\/uploads\/2022\/02\/272776073_383633810238118_8395426655861971768_n.jpg 1000w, https:\/\/gkp.org.rs\/wp-content\/uploads\/2022\/02\/272776073_383633810238118_8395426655861971768_n-300x172.jpg 300w, https:\/\/gkp.org.rs\/wp-content\/uploads\/2022\/02\/272776073_383633810238118_8395426655861971768_n-768x441.jpg 768w, https:\/\/gkp.org.rs\/wp-content\/uploads\/2022\/02\/272776073_383633810238118_8395426655861971768_n-1024x588.jpg 1024w, https:\/\/gkp.org.rs\/wp-content\/uploads\/2022\/02\/272776073_383633810238118_8395426655861971768_n-2000x1148.jpg 2000w, https:\/\/gkp.org.rs\/wp-content\/uploads\/2022\/02\/272776073_383633810238118_8395426655861971768_n-1300x746.jpg 1300w\" sizes=\"(max-width: 150px) 100vw, 150px\" \/><\/span><\/span><\/div><\/a><\/li><li class='cat-post-item'><a class=\"cat-post-everything-is-link\" href=\"https:\/\/gkp.org.rs\/fr\/intervjuiradioemisije\/video-genealogija-politickih-platformi-teo-celakoski-zagreb-je-nas-i-mozemo\/\" title=\"\"><div><span class=\"cat-post-title\">VIDEO: Genealogija politi\u010dkih platformi \u2013 Teo Celakoski \u2013 Zagreb je na\u0161! i Mo\u017eemo!<\/span><\/div><div><span class=\"cat-post-thumbnail cat-post-white\"><span class=\"cat-post-crop cat-post-format cat-post-format-standard\"><img loading=\"lazy\" decoding=\"async\" width=\"150\" height=\"150\" src=\"https:\/\/gkp.org.rs\/wp-content\/uploads\/2020\/07\/teo1.png\" class=\"attachment- size- wp-post-image\" alt=\"\" data-cat-posts-width=\"150\" data-cat-posts-height=\"150\" srcset=\"https:\/\/gkp.org.rs\/wp-content\/uploads\/2020\/07\/teo1.png 1000w, https:\/\/gkp.org.rs\/wp-content\/uploads\/2020\/07\/teo1-300x169.png 300w, https:\/\/gkp.org.rs\/wp-content\/uploads\/2020\/07\/teo1-768x432.png 768w, https:\/\/gkp.org.rs\/wp-content\/uploads\/2020\/07\/teo1-1024x576.png 1024w\" sizes=\"(max-width: 150px) 100vw, 150px\" \/><\/span><\/span><\/div><\/a><\/li><li class='cat-post-item'><a class=\"cat-post-everything-is-link\" href=\"https:\/\/gkp.org.rs\/fr\/lokalne-politike-i-urbana-samouprava\/istrazivanje-lokalne-zajednice-tokom-i-nakon-pandemije\/\" title=\"\"><div><span class=\"cat-post-title\">Istra\u017eivanje: LOKALNE ZAJEDNICE TOKOM I NAKON PANDEMIJE<\/span><\/div><div><span class=\"cat-post-thumbnail cat-post-white\"><span class=\"cat-post-crop cat-post-format cat-post-format-standard\"><img loading=\"lazy\" decoding=\"async\" width=\"150\" height=\"150\" src=\"https:\/\/gkp.org.rs\/wp-content\/uploads\/2020\/06\/km5.jpg\" class=\"attachment- size- wp-post-image\" alt=\"\" data-cat-posts-width=\"150\" data-cat-posts-height=\"150\" srcset=\"https:\/\/gkp.org.rs\/wp-content\/uploads\/2020\/06\/km5.jpg 1000w, https:\/\/gkp.org.rs\/wp-content\/uploads\/2020\/06\/km5-300x188.jpg 300w, https:\/\/gkp.org.rs\/wp-content\/uploads\/2020\/06\/km5-768x480.jpg 768w, https:\/\/gkp.org.rs\/wp-content\/uploads\/2020\/06\/km5-1024x641.jpg 1024w\" sizes=\"(max-width: 150px) 100vw, 150px\" \/><\/span><\/span><\/div><\/a><\/li><li class='cat-post-item'><a class=\"cat-post-everything-is-link\" href=\"https:\/\/gkp.org.rs\/fr\/tekstovi\/deregulisana-primena-zakona-umanjuje-pravo-stanara-na-odlucivanje\/\" title=\"\"><div><span class=\"cat-post-title\">Deregulisana primena zakona umanjuje pravo stanara na odlu\u010divanje<\/span><\/div><div><span class=\"cat-post-thumbnail cat-post-white\"><span class=\"cat-post-crop cat-post-format cat-post-format-standard\"><img loading=\"lazy\" decoding=\"async\" width=\"150\" height=\"150\" src=\"https:\/\/gkp.org.rs\/wp-content\/uploads\/2017\/12\/IMG_za-izvestaj.jpg\" class=\"attachment- size- wp-post-image\" alt=\"\" data-cat-posts-width=\"150\" data-cat-posts-height=\"150\" srcset=\"https:\/\/gkp.org.rs\/wp-content\/uploads\/2017\/12\/IMG_za-izvestaj.jpg 1000w, https:\/\/gkp.org.rs\/wp-content\/uploads\/2017\/12\/IMG_za-izvestaj-300x200.jpg 300w, https:\/\/gkp.org.rs\/wp-content\/uploads\/2017\/12\/IMG_za-izvestaj-768x512.jpg 768w, https:\/\/gkp.org.rs\/wp-content\/uploads\/2017\/12\/IMG_za-izvestaj-1024x683.jpg 1024w, https:\/\/gkp.org.rs\/wp-content\/uploads\/2017\/12\/IMG_za-izvestaj-2000x1334.jpg 2000w, https:\/\/gkp.org.rs\/wp-content\/uploads\/2017\/12\/IMG_za-izvestaj-450x300.jpg 450w, https:\/\/gkp.org.rs\/wp-content\/uploads\/2017\/12\/IMG_za-izvestaj-1300x867.jpg 1300w\" sizes=\"(max-width: 150px) 100vw, 150px\" \/><\/span><\/span><\/div><\/a><\/li><li class='cat-post-item'><a class=\"cat-post-everything-is-link\" href=\"https:\/\/gkp.org.rs\/fr\/najave\/sta-znamo-o-novom-zakonu-o-stanovanju-druga-javna-skupstina-stanara-u-mesnoj-zajednici-detelinara\/\" title=\"\"><div><span class=\"cat-post-title\">\u0160TA ZNAMO O NOVOM ZAKONU O STANOVANJU? \u2013 Druga Javna skup\u0161tina stanara u mesnoj zajednici Detelinara<\/span><\/div><div><span class=\"cat-post-thumbnail cat-post-white\"><span class=\"cat-post-crop cat-post-format cat-post-format-standard\"><img loading=\"lazy\" decoding=\"async\" width=\"150\" height=\"150\" src=\"https:\/\/gkp.org.rs\/wp-content\/uploads\/2017\/12\/Poster_javna-skuptina_MZ-Detelinara_081117-za-web.jpg\" class=\"attachment- size- wp-post-image\" alt=\"\" data-cat-posts-width=\"150\" data-cat-posts-height=\"150\" srcset=\"https:\/\/gkp.org.rs\/wp-content\/uploads\/2017\/12\/Poster_javna-skuptina_MZ-Detelinara_081117-za-web.jpg 1000w, https:\/\/gkp.org.rs\/wp-content\/uploads\/2017\/12\/Poster_javna-skuptina_MZ-Detelinara_081117-za-web-300x169.jpg 300w, https:\/\/gkp.org.rs\/wp-content\/uploads\/2017\/12\/Poster_javna-skuptina_MZ-Detelinara_081117-za-web-768x432.jpg 768w, https:\/\/gkp.org.rs\/wp-content\/uploads\/2017\/12\/Poster_javna-skuptina_MZ-Detelinara_081117-za-web-1024x576.jpg 1024w, https:\/\/gkp.org.rs\/wp-content\/uploads\/2017\/12\/Poster_javna-skuptina_MZ-Detelinara_081117-za-web-1300x731.jpg 1300w\" sizes=\"(max-width: 150px) 100vw, 150px\" \/><\/span><\/span><\/div><\/a><\/li><li class='cat-post-item'><a class=\"cat-post-everything-is-link\" href=\"https:\/\/gkp.org.rs\/fr\/lokalne-politike-i-urbana-samouprava\/foto-dokumentacija-sa-javne-skupstine-stanara-odrzane-17-oktobra-u-mesnoj-zajednici-jugovicevo-novi-sad\/\" title=\"\"><div><span class=\"cat-post-title\">Foto dokumentacija sa \u201eJavne skup\u0161tine stanara\u201c odr\u017eane 17. oktobra u mesnoj zajednici Jugovi\u0107evo, Novi Sad<\/span><\/div><div><span class=\"cat-post-thumbnail cat-post-white\"><span class=\"cat-post-crop cat-post-format cat-post-format-standard\"><img loading=\"lazy\" decoding=\"async\" width=\"150\" height=\"150\" src=\"https:\/\/gkp.org.rs\/wp-content\/uploads\/2017\/12\/1.-glavna-fotka-4.jpg\" class=\"attachment- size- wp-post-image\" alt=\"\" data-cat-posts-width=\"150\" data-cat-posts-height=\"150\" srcset=\"https:\/\/gkp.org.rs\/wp-content\/uploads\/2017\/12\/1.-glavna-fotka-4.jpg 1000w, https:\/\/gkp.org.rs\/wp-content\/uploads\/2017\/12\/1.-glavna-fotka-4-300x200.jpg 300w, https:\/\/gkp.org.rs\/wp-content\/uploads\/2017\/12\/1.-glavna-fotka-4-768x512.jpg 768w, https:\/\/gkp.org.rs\/wp-content\/uploads\/2017\/12\/1.-glavna-fotka-4-1024x683.jpg 1024w, https:\/\/gkp.org.rs\/wp-content\/uploads\/2017\/12\/1.-glavna-fotka-4-2000x1333.jpg 2000w, https:\/\/gkp.org.rs\/wp-content\/uploads\/2017\/12\/1.-glavna-fotka-4-450x300.jpg 450w, https:\/\/gkp.org.rs\/wp-content\/uploads\/2017\/12\/1.-glavna-fotka-4-1300x867.jpg 1300w, https:\/\/gkp.org.rs\/wp-content\/uploads\/2017\/12\/1.-glavna-fotka-4-272x182.jpg 272w\" sizes=\"(max-width: 150px) 100vw, 150px\" \/><\/span><\/span><\/div><\/a><\/li><li class='cat-post-item'><a class=\"cat-post-everything-is-link\" href=\"https:\/\/gkp.org.rs\/fr\/najave\/sta-znamo-o-novom-zakonu-o-stanovanju-javna-skupstina-stanara-u-mesnoj-zajednici-jugovicevo-detelinara\/\" title=\"\"><div><span class=\"cat-post-title\">\u0160TA ZNAMO O NOVOM ZAKONU O STANOVANJU?, Javna skup\u0161tina stanara u mesnoj zajednici Jugovi\u0107evo, Detelinara<\/span><\/div><div><span class=\"cat-post-thumbnail cat-post-white\"><span class=\"cat-post-crop cat-post-format cat-post-format-standard\"><img loading=\"lazy\" decoding=\"async\" width=\"150\" height=\"150\" src=\"https:\/\/gkp.org.rs\/wp-content\/uploads\/2017\/12\/Javna-skupstina_171017_web.jpg\" class=\"attachment- size- wp-post-image\" alt=\"\" data-cat-posts-width=\"150\" data-cat-posts-height=\"150\" srcset=\"https:\/\/gkp.org.rs\/wp-content\/uploads\/2017\/12\/Javna-skupstina_171017_web.jpg 1000w, https:\/\/gkp.org.rs\/wp-content\/uploads\/2017\/12\/Javna-skupstina_171017_web-300x169.jpg 300w, https:\/\/gkp.org.rs\/wp-content\/uploads\/2017\/12\/Javna-skupstina_171017_web-768x432.jpg 768w, https:\/\/gkp.org.rs\/wp-content\/uploads\/2017\/12\/Javna-skupstina_171017_web-1024x576.jpg 1024w, https:\/\/gkp.org.rs\/wp-content\/uploads\/2017\/12\/Javna-skupstina_171017_web-1300x731.jpg 1300w\" sizes=\"(max-width: 150px) 100vw, 150px\" \/><\/span><\/span><\/div><\/a><\/li><li class='cat-post-item'><a class=\"cat-post-everything-is-link\" href=\"https:\/\/gkp.org.rs\/fr\/najave\/tribina-javna-skupstina-stanara-petak-20-januar-2017-u-18h-mz-jugovicevo-detelinara\/\" title=\"\"><div><span class=\"cat-post-title\">Tribina \u201cJAVNA SKUP\u0160TINA STANARA\u201d, petak 20. januar 2017., u 18h, MZ Jugovi\u0107evo, Detelinara<\/span><\/div><div><span class=\"cat-post-thumbnail cat-post-white\"><span class=\"cat-post-crop cat-post-format cat-post-format-standard\"><img loading=\"lazy\" decoding=\"async\" width=\"150\" height=\"150\" src=\"https:\/\/gkp.org.rs\/wp-content\/uploads\/2017\/12\/Javna-skups\u2560\u00eetina_za-web-570x285.jpg\" class=\"attachment- size- wp-post-image\" alt=\"\" data-cat-posts-width=\"150\" data-cat-posts-height=\"150\" srcset=\"https:\/\/gkp.org.rs\/wp-content\/uploads\/2017\/12\/Javna-skups\u2560\u00eetina_za-web-570x285.jpg 570w, https:\/\/gkp.org.rs\/wp-content\/uploads\/2017\/12\/Javna-skups\u2560\u00eetina_za-web-570x285-300x150.jpg 300w\" sizes=\"(max-width: 150px) 100vw, 150px\" \/><\/span><\/span><\/div><\/a><\/li><\/ul>\n<\/div><\/div><\/div><\/div>","protected":false},"excerpt":{"rendered":"<p>U petak, 20. januara 2017. godine u mesnoj zajednici \u201cJugovi\u0107evo\u201d u 18 \u010dasova, Tarasa \u0160ev\u010denka br.1, Detelinara, odr\u017eava se Tribina \u201eJavna skup\u0161tina stanara\u201c Tribini \u0107e prisustvovati predstavnici skup\u0161tina stanara iz ulice Veselina Masle\u0161e 116, 118 i 120, udru\u017eenja gra\u0111ana koja [&hellip;]<\/p>\n","protected":false},"author":1,"featured_media":0,"parent":0,"menu_order":0,"comment_status":"closed","ping_status":"closed","template":"full-width.php","meta":{"footnotes":""},"jetpack_sharing_enabled":true,"_links":{"self":[{"href":"https:\/\/gkp.org.rs\/fr\/wp-json\/wp\/v2\/pages\/940"}],"collection":[{"href":"https:\/\/gkp.org.rs\/fr\/wp-json\/wp\/v2\/pages"}],"about":[{"href":"https:\/\/gkp.org.rs\/fr\/wp-json\/wp\/v2\/types\/page"}],"author":[{"embeddable":true,"href":"https:\/\/gkp.org.rs\/fr\/wp-json\/wp\/v2\/users\/1"}],"replies":[{"embeddable":true,"href":"https:\/\/gkp.org.rs\/fr\/wp-json\/wp\/v2\/comments?post=940"}],"version-history":[{"count":0,"href":"https:\/\/gkp.org.rs\/fr\/wp-json\/wp\/v2\/pages\/940\/revisions"}],"wp:attachment":[{"href":"https:\/\/gkp.org.rs\/fr\/wp-json\/wp\/v2\/media?parent=940"}],"curies":[{"name":"wp","href":"https:\/\/api.w.org\/{rel}","templated":true}]}}