{"id":1137,"date":"2017-12-09T18:28:26","date_gmt":"2017-12-09T18:28:26","guid":{"rendered":"https:\/\/gkp.org.rs\/?page_id=1137"},"modified":"2017-12-11T01:10:17","modified_gmt":"2017-12-11T01:10:17","slug":"slucajevi","status":"publish","type":"page","link":"https:\/\/gkp.org.rs\/en\/slucajevi\/","title":{"rendered":"Slu\u010dajevi"},"content":{"rendered":"<div id=\"pl-1137\"  class=\"panel-layout\" ><div id=\"pg-1137-0\"  class=\"panel-grid panel-no-style\" ><div id=\"pgc-1137-0-0\"  class=\"panel-grid-cell\" ><div id=\"panel-1137-0-0-0\" class=\"so-panel widget widget_category-posts cat-post-widget panel-first-child panel-last-child\" data-index=\"0\" ><ul id=\"category-posts-1-internal\" class=\"category-posts-internal\">\n<li class='cat-post-item'><a class=\"cat-post-everything-is-link\" href=\"https:\/\/gkp.org.rs\/en\/mesne-zajednice\/bilten-stanar-vratiti-suverenitet-gradjaninu\/\" title=\"\"><div><span class=\"cat-post-title\">Bilten STANAR: Vratiti suverenitet gra\u0111aninu<\/span><\/div><div><span class=\"cat-post-thumbnail cat-post-white\"><span class=\"cat-post-crop cat-post-format cat-post-format-standard\"><img loading=\"lazy\" decoding=\"async\" width=\"150\" height=\"150\" src=\"https:\/\/gkp.org.rs\/wp-content\/uploads\/2023\/02\/DSC_0208-scaled.jpg\" class=\"attachment- size- wp-post-image\" alt=\"\" data-cat-posts-width=\"150\" data-cat-posts-height=\"150\" srcset=\"https:\/\/gkp.org.rs\/wp-content\/uploads\/2023\/02\/DSC_0208-scaled.jpg 1000w, https:\/\/gkp.org.rs\/wp-content\/uploads\/2023\/02\/DSC_0208-300x199.jpg 300w, https:\/\/gkp.org.rs\/wp-content\/uploads\/2023\/02\/DSC_0208-1024x680.jpg 1024w, https:\/\/gkp.org.rs\/wp-content\/uploads\/2023\/02\/DSC_0208-768x510.jpg 768w, https:\/\/gkp.org.rs\/wp-content\/uploads\/2023\/02\/DSC_0208-1536x1020.jpg 1536w, https:\/\/gkp.org.rs\/wp-content\/uploads\/2023\/02\/DSC_0208-2048x1360.jpg 2048w, https:\/\/gkp.org.rs\/wp-content\/uploads\/2023\/02\/DSC_0208-2000x1328.jpg 2000w, https:\/\/gkp.org.rs\/wp-content\/uploads\/2023\/02\/DSC_0208-450x300.jpg 450w, https:\/\/gkp.org.rs\/wp-content\/uploads\/2023\/02\/DSC_0208-1300x863.jpg 1300w, https:\/\/gkp.org.rs\/wp-content\/uploads\/2023\/02\/DSC_0208-272x182.jpg 272w\" sizes=\"(max-width: 150px) 100vw, 150px\" \/><\/span><\/span><\/div><\/a><\/li><li class='cat-post-item'><a class=\"cat-post-everything-is-link\" href=\"https:\/\/gkp.org.rs\/en\/preporucujemo\/bezuslovnost-mira-video-dokument\/\" title=\"\"><div><span class=\"cat-post-title\">BEZUSLOVNOST MIRA: Video dokument<\/span><\/div><div><span class=\"cat-post-thumbnail cat-post-white\"><span class=\"cat-post-crop cat-post-format cat-post-format-standard\"><img loading=\"lazy\" decoding=\"async\" width=\"150\" height=\"150\" src=\"https:\/\/gkp.org.rs\/wp-content\/uploads\/2022\/06\/bm1-wordpres-scaled.jpg\" class=\"attachment- size- wp-post-image\" alt=\"\" data-cat-posts-width=\"150\" data-cat-posts-height=\"150\" srcset=\"https:\/\/gkp.org.rs\/wp-content\/uploads\/2022\/06\/bm1-wordpres-scaled.jpg 1000w, https:\/\/gkp.org.rs\/wp-content\/uploads\/2022\/06\/bm1-wordpres-300x179.jpg 300w, https:\/\/gkp.org.rs\/wp-content\/uploads\/2022\/06\/bm1-wordpres-1024x610.jpg 1024w, https:\/\/gkp.org.rs\/wp-content\/uploads\/2022\/06\/bm1-wordpres-768x458.jpg 768w, https:\/\/gkp.org.rs\/wp-content\/uploads\/2022\/06\/bm1-wordpres-1536x915.jpg 1536w, https:\/\/gkp.org.rs\/wp-content\/uploads\/2022\/06\/bm1-wordpres-1300x775.jpg 1300w\" sizes=\"(max-width: 150px) 100vw, 150px\" \/><\/span><\/span><\/div><\/a><\/li><li class='cat-post-item'><a class=\"cat-post-everything-is-link\" href=\"https:\/\/gkp.org.rs\/en\/preporucujemo\/rat-drzave-protiv-lokalne-i-mesne-samouprave-okupirani-zemun\/\" title=\"\"><div><span class=\"cat-post-title\">Rat dr\u017eave protiv lokalne i mesne samouprave: Okupirani Zemun<\/span><\/div><div><span class=\"cat-post-thumbnail cat-post-white\"><span class=\"cat-post-crop cat-post-format cat-post-format-standard\"><img loading=\"lazy\" decoding=\"async\" width=\"150\" height=\"150\" src=\"https:\/\/gkp.org.rs\/wp-content\/uploads\/2022\/03\/zemunn.jpg\" class=\"attachment- size- wp-post-image\" alt=\"\" data-cat-posts-width=\"150\" data-cat-posts-height=\"150\" srcset=\"https:\/\/gkp.org.rs\/wp-content\/uploads\/2022\/03\/zemunn.jpg 878w, https:\/\/gkp.org.rs\/wp-content\/uploads\/2022\/03\/zemunn-300x244.jpg 300w, https:\/\/gkp.org.rs\/wp-content\/uploads\/2022\/03\/zemunn-768x625.jpg 768w\" sizes=\"(max-width: 150px) 100vw, 150px\" \/><\/span><\/span><\/div><\/a><\/li><li class='cat-post-item'><a class=\"cat-post-everything-is-link\" href=\"https:\/\/gkp.org.rs\/en\/lokalne-politike-i-urbana-samouprava\/video-uslovi-demokratije-18-o-mesnim-referendumima-u-sapcu\/\" title=\"\"><div><span class=\"cat-post-title\">VIDEO: USLOVI DEMOKRATIJE #18 &#8211; O mesnim referendumima u \u0160apcu<\/span><\/div><div><span class=\"cat-post-thumbnail cat-post-white\"><span class=\"cat-post-crop cat-post-format cat-post-format-standard\"><img loading=\"lazy\" decoding=\"async\" width=\"150\" height=\"150\" src=\"https:\/\/gkp.org.rs\/wp-content\/uploads\/2022\/02\/vlcsnap-2022-02-02-15h23m51s879.jpg\" class=\"attachment- size- wp-post-image\" alt=\"\" data-cat-posts-width=\"150\" data-cat-posts-height=\"150\" srcset=\"https:\/\/gkp.org.rs\/wp-content\/uploads\/2022\/02\/vlcsnap-2022-02-02-15h23m51s879.jpg 1000w, https:\/\/gkp.org.rs\/wp-content\/uploads\/2022\/02\/vlcsnap-2022-02-02-15h23m51s879-300x169.jpg 300w, https:\/\/gkp.org.rs\/wp-content\/uploads\/2022\/02\/vlcsnap-2022-02-02-15h23m51s879-768x432.jpg 768w, https:\/\/gkp.org.rs\/wp-content\/uploads\/2022\/02\/vlcsnap-2022-02-02-15h23m51s879-1024x576.jpg 1024w, https:\/\/gkp.org.rs\/wp-content\/uploads\/2022\/02\/vlcsnap-2022-02-02-15h23m51s879-1300x731.jpg 1300w\" sizes=\"(max-width: 150px) 100vw, 150px\" \/><\/span><\/span><\/div><\/a><\/li><li class='cat-post-item'><a class=\"cat-post-everything-is-link\" href=\"https:\/\/gkp.org.rs\/en\/intervjuiradioemisije\/tihomir-dakic-banja-luka-odnos-vlasti-prema-gradjanima-je-lazljiv-i-prevrtljiv\/\" title=\"\"><div><span class=\"cat-post-title\">TIHOMIR DAKI\u0106, BANJA LUKA: Odnos vlasti prema gra\u0111anima je la\u017eljiv i prevrtljiv<\/span><\/div><div><span class=\"cat-post-thumbnail cat-post-white\"><span class=\"cat-post-crop cat-post-format cat-post-format-standard\"><img loading=\"lazy\" decoding=\"async\" width=\"150\" height=\"150\" src=\"https:\/\/gkp.org.rs\/wp-content\/uploads\/2021\/12\/244908489_2115232148616119_8237771238963736639_n.jpg\" class=\"attachment- size- wp-post-image\" alt=\"\" data-cat-posts-width=\"150\" data-cat-posts-height=\"150\" srcset=\"https:\/\/gkp.org.rs\/wp-content\/uploads\/2021\/12\/244908489_2115232148616119_8237771238963736639_n.jpg 1000w, https:\/\/gkp.org.rs\/wp-content\/uploads\/2021\/12\/244908489_2115232148616119_8237771238963736639_n-300x236.jpg 300w, https:\/\/gkp.org.rs\/wp-content\/uploads\/2021\/12\/244908489_2115232148616119_8237771238963736639_n-768x604.jpg 768w, https:\/\/gkp.org.rs\/wp-content\/uploads\/2021\/12\/244908489_2115232148616119_8237771238963736639_n-1024x805.jpg 1024w, https:\/\/gkp.org.rs\/wp-content\/uploads\/2021\/12\/244908489_2115232148616119_8237771238963736639_n-1300x1023.jpg 1300w\" sizes=\"(max-width: 150px) 100vw, 150px\" \/><\/span><\/span><\/div><\/a><\/li><li class='cat-post-item'><a class=\"cat-post-everything-is-link\" href=\"https:\/\/gkp.org.rs\/en\/lokalne-politike-i-urbana-samouprava\/istrazivanje-gasenje-mesne-samouprave-u-vojvodini\/\" title=\"\"><div><span class=\"cat-post-title\">ISTRA\u017dIVANJE: Ga\u0161enje mesne samouprave u Vojvodini?<\/span><\/div><div><span class=\"cat-post-thumbnail cat-post-white\"><span class=\"cat-post-crop cat-post-format cat-post-format-standard\"><img loading=\"lazy\" decoding=\"async\" width=\"150\" height=\"150\" src=\"https:\/\/gkp.org.rs\/wp-content\/uploads\/2021\/12\/zbirna-fotka.jpg\" class=\"attachment- size- wp-post-image\" alt=\"\" data-cat-posts-width=\"150\" data-cat-posts-height=\"150\" srcset=\"https:\/\/gkp.org.rs\/wp-content\/uploads\/2021\/12\/zbirna-fotka.jpg 1000w, https:\/\/gkp.org.rs\/wp-content\/uploads\/2021\/12\/zbirna-fotka-300x164.jpg 300w, https:\/\/gkp.org.rs\/wp-content\/uploads\/2021\/12\/zbirna-fotka-768x421.jpg 768w, https:\/\/gkp.org.rs\/wp-content\/uploads\/2021\/12\/zbirna-fotka-1024x561.jpg 1024w\" sizes=\"(max-width: 150px) 100vw, 150px\" \/><\/span><\/span><\/div><\/a><\/li><li class='cat-post-item'><a class=\"cat-post-everything-is-link\" href=\"https:\/\/gkp.org.rs\/en\/preporucujemo\/pokrenuta-inicijativa-za-mesne-zajednice-i-jedinstveno-online-mesto-za-informisanje-o-izborima-za-mz\/\" title=\"\"><div><span class=\"cat-post-title\">Pokrenuta \u201eInicijativa za mesne zajednice\u201c i jedinstveno online mesto za informisanje o izborima za MZ<\/span><\/div><div><span class=\"cat-post-thumbnail cat-post-white\"><span class=\"cat-post-crop cat-post-format cat-post-format-standard\"><img loading=\"lazy\" decoding=\"async\" width=\"150\" height=\"150\" src=\"https:\/\/gkp.org.rs\/wp-content\/uploads\/2021\/04\/Screenshot-65.png\" class=\"attachment- size- wp-post-image\" alt=\"\" data-cat-posts-width=\"150\" data-cat-posts-height=\"150\" srcset=\"https:\/\/gkp.org.rs\/wp-content\/uploads\/2021\/04\/Screenshot-65.png 1000w, https:\/\/gkp.org.rs\/wp-content\/uploads\/2021\/04\/Screenshot-65-300x140.png 300w, https:\/\/gkp.org.rs\/wp-content\/uploads\/2021\/04\/Screenshot-65-768x358.png 768w, https:\/\/gkp.org.rs\/wp-content\/uploads\/2021\/04\/Screenshot-65-1024x478.png 1024w\" sizes=\"(max-width: 150px) 100vw, 150px\" \/><\/span><\/span><\/div><\/a><\/li><li class='cat-post-item'><a class=\"cat-post-everything-is-link\" href=\"https:\/\/gkp.org.rs\/en\/lokalne-politike-i-urbana-samouprava\/video-stanar-1-olivera-radovanovic\/\" title=\"\"><div><span class=\"cat-post-title\">VIDEO STANAR #1: Olivera Radovanovi\u0107<\/span><\/div><div><span class=\"cat-post-thumbnail cat-post-white\"><span class=\"cat-post-crop cat-post-format cat-post-format-standard\"><img loading=\"lazy\" decoding=\"async\" width=\"150\" height=\"150\" src=\"https:\/\/gkp.org.rs\/wp-content\/uploads\/2021\/03\/IMG_6547.jpg\" class=\"attachment- size- wp-post-image\" alt=\"\" data-cat-posts-width=\"150\" data-cat-posts-height=\"150\" srcset=\"https:\/\/gkp.org.rs\/wp-content\/uploads\/2021\/03\/IMG_6547.jpg 1000w, https:\/\/gkp.org.rs\/wp-content\/uploads\/2021\/03\/IMG_6547-300x182.jpg 300w, https:\/\/gkp.org.rs\/wp-content\/uploads\/2021\/03\/IMG_6547-768x465.jpg 768w, https:\/\/gkp.org.rs\/wp-content\/uploads\/2021\/03\/IMG_6547-1024x620.jpg 1024w, https:\/\/gkp.org.rs\/wp-content\/uploads\/2021\/03\/IMG_6547-2000x1211.jpg 2000w, https:\/\/gkp.org.rs\/wp-content\/uploads\/2021\/03\/IMG_6547-1300x787.jpg 1300w\" sizes=\"(max-width: 150px) 100vw, 150px\" \/><\/span><\/span><\/div><\/a><\/li><li class='cat-post-item'><a class=\"cat-post-everything-is-link\" href=\"https:\/\/gkp.org.rs\/en\/preporucujemo\/bilten-stanar-novi-sad-na-vodi-na-silu-dalibor-stupar\/\" title=\"\"><div><span class=\"cat-post-title\">BILTEN STANAR #: NOVI SAD NA VODI NA SILU, Dalibor Stupar<\/span><\/div><div><span class=\"cat-post-thumbnail cat-post-white\"><span class=\"cat-post-crop cat-post-format cat-post-format-standard\"><img loading=\"lazy\" decoding=\"async\" width=\"150\" height=\"150\" src=\"https:\/\/gkp.org.rs\/wp-content\/uploads\/2020\/07\/NS-na-vodi-Dalibor.jpg.jpg\" class=\"attachment- size- wp-post-image\" alt=\"\" data-cat-posts-width=\"150\" data-cat-posts-height=\"150\" srcset=\"https:\/\/gkp.org.rs\/wp-content\/uploads\/2020\/07\/NS-na-vodi-Dalibor.jpg.jpg 1000w, https:\/\/gkp.org.rs\/wp-content\/uploads\/2020\/07\/NS-na-vodi-Dalibor.jpg-300x166.jpg 300w, https:\/\/gkp.org.rs\/wp-content\/uploads\/2020\/07\/NS-na-vodi-Dalibor.jpg-768x426.jpg 768w, https:\/\/gkp.org.rs\/wp-content\/uploads\/2020\/07\/NS-na-vodi-Dalibor.jpg-1024x568.jpg 1024w\" sizes=\"(max-width: 150px) 100vw, 150px\" \/><\/span><\/span><\/div><\/a><\/li><li class='cat-post-item'><a class=\"cat-post-everything-is-link\" href=\"https:\/\/gkp.org.rs\/en\/bilten-stanar\/bilten-stanar-8-novi-sad-na-vodi-urbicid-koji-se-mora-zaustaviti-tekst-novog-nebojse-milenkovica\/\" title=\"\"><div><span class=\"cat-post-title\">BILTEN STANAR #8: NOVI SAD NA VODI: urbicid koji se mora zaustaviti, Novi Neboj\u0161a Milenkovi\u0107<\/span><\/div><div><span class=\"cat-post-thumbnail cat-post-white\"><span class=\"cat-post-crop cat-post-format cat-post-format-standard\"><img loading=\"lazy\" decoding=\"async\" width=\"150\" height=\"150\" src=\"https:\/\/gkp.org.rs\/wp-content\/uploads\/2020\/07\/NSH20-DIVNA.jpg\" class=\"attachment- size- wp-post-image\" alt=\"\" data-cat-posts-width=\"150\" data-cat-posts-height=\"150\" srcset=\"https:\/\/gkp.org.rs\/wp-content\/uploads\/2020\/07\/NSH20-DIVNA.jpg 720w, https:\/\/gkp.org.rs\/wp-content\/uploads\/2020\/07\/NSH20-DIVNA-248x300.jpg 248w, https:\/\/gkp.org.rs\/wp-content\/uploads\/2020\/07\/NSH20-DIVNA-300x363.jpg 300w\" sizes=\"(max-width: 150px) 100vw, 150px\" \/><\/span><\/span><\/div><\/a><\/li><li class='cat-post-item'><a class=\"cat-post-everything-is-link\" href=\"https:\/\/gkp.org.rs\/en\/uncategorized\/politicko-istrazivanje-vanredno-stanje-i-vanredna-situacija\/\" title=\"\"><div><span class=\"cat-post-title\">Politi\u010dko istra\u017eivanje &#8211; Vanredno stanje i vanredna situacija<\/span><\/div><div><span class=\"cat-post-thumbnail cat-post-white\"><span class=\"cat-post-crop cat-post-format cat-post-format-standard\"><img loading=\"lazy\" decoding=\"async\" width=\"150\" height=\"150\" src=\"https:\/\/gkp.org.rs\/wp-content\/uploads\/2020\/04\/EVgTYPhWkAIdDCN.jpg\" class=\"attachment- size- wp-post-image\" alt=\"\" data-cat-posts-width=\"150\" data-cat-posts-height=\"150\" srcset=\"https:\/\/gkp.org.rs\/wp-content\/uploads\/2020\/04\/EVgTYPhWkAIdDCN.jpg 1000w, https:\/\/gkp.org.rs\/wp-content\/uploads\/2020\/04\/EVgTYPhWkAIdDCN-300x146.jpg 300w, https:\/\/gkp.org.rs\/wp-content\/uploads\/2020\/04\/EVgTYPhWkAIdDCN-768x375.jpg 768w, https:\/\/gkp.org.rs\/wp-content\/uploads\/2020\/04\/EVgTYPhWkAIdDCN-1024x500.jpg 1024w, https:\/\/gkp.org.rs\/wp-content\/uploads\/2020\/04\/EVgTYPhWkAIdDCN-2000x976.jpg 2000w, https:\/\/gkp.org.rs\/wp-content\/uploads\/2020\/04\/EVgTYPhWkAIdDCN-1300x634.jpg 1300w\" sizes=\"(max-width: 150px) 100vw, 150px\" \/><\/span><\/span><\/div><\/a><\/li><li class='cat-post-item'><a class=\"cat-post-everything-is-link\" href=\"https:\/\/gkp.org.rs\/en\/preporucujemo\/video-grupa-gradjana-zborovi-gradjana\/\" title=\"\"><div><span class=\"cat-post-title\">VIDEO: GRUPA GRA\u0110ANA \u2013 ZBOROVI GRA\u0110ANA<\/span><\/div><div><span class=\"cat-post-thumbnail cat-post-white\"><span class=\"cat-post-crop cat-post-format cat-post-format-standard\"><img loading=\"lazy\" decoding=\"async\" width=\"150\" height=\"150\" src=\"https:\/\/gkp.org.rs\/wp-content\/uploads\/2020\/04\/GG-preklop.png\" class=\"attachment- size- wp-post-image\" alt=\"\" data-cat-posts-width=\"150\" data-cat-posts-height=\"150\" srcset=\"https:\/\/gkp.org.rs\/wp-content\/uploads\/2020\/04\/GG-preklop.png 1000w, https:\/\/gkp.org.rs\/wp-content\/uploads\/2020\/04\/GG-preklop-300x169.png 300w, https:\/\/gkp.org.rs\/wp-content\/uploads\/2020\/04\/GG-preklop-768x432.png 768w, https:\/\/gkp.org.rs\/wp-content\/uploads\/2020\/04\/GG-preklop-1024x576.png 1024w\" sizes=\"(max-width: 150px) 100vw, 150px\" \/><\/span><\/span><\/div><\/a><\/li><li class='cat-post-item'><a class=\"cat-post-everything-is-link\" href=\"https:\/\/gkp.org.rs\/en\/preporucujemo\/javna-tribina-uprava-po-meri-vlasti-19-februar-2020-u-18h-ndnv\/\" title=\"\"><div><span class=\"cat-post-title\">Javna tribina: UPRAVA PO MERI VLASTI 19. februar 2020 u 18h, NDNV<\/span><\/div><div><span class=\"cat-post-thumbnail cat-post-white\"><span class=\"cat-post-crop cat-post-format cat-post-format-standard\"><img loading=\"lazy\" decoding=\"async\" width=\"150\" height=\"150\" src=\"https:\/\/gkp.org.rs\/wp-content\/uploads\/2020\/02\/gg4.jpg\" class=\"attachment- size- wp-post-image\" alt=\"\" data-cat-posts-width=\"150\" data-cat-posts-height=\"150\" srcset=\"https:\/\/gkp.org.rs\/wp-content\/uploads\/2020\/02\/gg4.jpg 1000w, https:\/\/gkp.org.rs\/wp-content\/uploads\/2020\/02\/gg4-300x231.jpg 300w, https:\/\/gkp.org.rs\/wp-content\/uploads\/2020\/02\/gg4-768x591.jpg 768w, https:\/\/gkp.org.rs\/wp-content\/uploads\/2020\/02\/gg4-1024x788.jpg 1024w, https:\/\/gkp.org.rs\/wp-content\/uploads\/2020\/02\/gg4-2000x1538.jpg 2000w, https:\/\/gkp.org.rs\/wp-content\/uploads\/2020\/02\/gg4-1300x1000.jpg 1300w\" sizes=\"(max-width: 150px) 100vw, 150px\" \/><\/span><\/span><\/div><\/a><\/li><li class='cat-post-item'><a class=\"cat-post-everything-is-link\" href=\"https:\/\/gkp.org.rs\/en\/preporucujemo\/video-izgradnja-zajednice-na-kosovu-i-u-vojvodini\/\" title=\"\"><div><span class=\"cat-post-title\">VIDEO: Izgradnja zajednice na Kosovu i u Vojvodini<\/span><\/div><div><span class=\"cat-post-thumbnail cat-post-white\"><span class=\"cat-post-crop cat-post-format cat-post-format-standard\"><img loading=\"lazy\" decoding=\"async\" width=\"150\" height=\"150\" src=\"https:\/\/gkp.org.rs\/wp-content\/uploads\/2020\/02\/Screen-Shot-2020-02-05-at-8.30.17-AM.png\" class=\"attachment- size- wp-post-image\" alt=\"\" data-cat-posts-width=\"150\" data-cat-posts-height=\"150\" srcset=\"https:\/\/gkp.org.rs\/wp-content\/uploads\/2020\/02\/Screen-Shot-2020-02-05-at-8.30.17-AM.png 1000w, https:\/\/gkp.org.rs\/wp-content\/uploads\/2020\/02\/Screen-Shot-2020-02-05-at-8.30.17-AM-300x171.png 300w, https:\/\/gkp.org.rs\/wp-content\/uploads\/2020\/02\/Screen-Shot-2020-02-05-at-8.30.17-AM-768x437.png 768w, https:\/\/gkp.org.rs\/wp-content\/uploads\/2020\/02\/Screen-Shot-2020-02-05-at-8.30.17-AM-1024x582.png 1024w\" sizes=\"(max-width: 150px) 100vw, 150px\" \/><\/span><\/span><\/div><\/a><\/li><li class='cat-post-item'><a class=\"cat-post-everything-is-link\" href=\"https:\/\/gkp.org.rs\/en\/preporucujemo\/izvestaj-community-building-mitrovica-u-novom-sadu\/\" title=\"\"><div><span class=\"cat-post-title\">IZVE\u0160TAJ: Community Building Mitrovica u Novom Sadu<\/span><\/div><div><span class=\"cat-post-thumbnail cat-post-white\"><span class=\"cat-post-crop cat-post-format cat-post-format-standard\"><img loading=\"lazy\" decoding=\"async\" width=\"150\" height=\"150\" src=\"https:\/\/gkp.org.rs\/wp-content\/uploads\/2020\/01\/vlcsnap-2020-01-21-21h49m47s238.png\" class=\"attachment- size- wp-post-image\" alt=\"\" data-cat-posts-width=\"150\" data-cat-posts-height=\"150\" srcset=\"https:\/\/gkp.org.rs\/wp-content\/uploads\/2020\/01\/vlcsnap-2020-01-21-21h49m47s238.png 996w, https:\/\/gkp.org.rs\/wp-content\/uploads\/2020\/01\/vlcsnap-2020-01-21-21h49m47s238-300x169.png 300w, https:\/\/gkp.org.rs\/wp-content\/uploads\/2020\/01\/vlcsnap-2020-01-21-21h49m47s238-768x432.png 768w\" sizes=\"(max-width: 150px) 100vw, 150px\" \/><\/span><\/span><\/div><\/a><\/li><li class='cat-post-item'><a class=\"cat-post-everything-is-link\" href=\"https:\/\/gkp.org.rs\/en\/preporucujemo\/saopstenje-za-javnost-povodom-pokretanja-inspekcijskog-i-upravnog-nadzora-nad-radom-mesnih-zajednica-u-novom-sadu\/\" title=\"\"><div><span class=\"cat-post-title\">SAOP\u0160TENJE ZA JAVNOST povodom pokretanja inspekcijskog i upravnog nadzora nad radom Mesnih zajednica u Novom Sadu<\/span><\/div><div><span class=\"cat-post-thumbnail cat-post-white\"><span class=\"cat-post-crop cat-post-format cat-post-format-standard\"><img loading=\"lazy\" decoding=\"async\" width=\"150\" height=\"150\" src=\"https:\/\/gkp.org.rs\/wp-content\/uploads\/2020\/01\/Predaja-podnesaka-za-nadzor_GG_20.01.2020.jpg\" class=\"attachment- size- wp-post-image\" alt=\"\" data-cat-posts-width=\"150\" data-cat-posts-height=\"150\" srcset=\"https:\/\/gkp.org.rs\/wp-content\/uploads\/2020\/01\/Predaja-podnesaka-za-nadzor_GG_20.01.2020.jpg 1000w, https:\/\/gkp.org.rs\/wp-content\/uploads\/2020\/01\/Predaja-podnesaka-za-nadzor_GG_20.01.2020-300x169.jpg 300w, https:\/\/gkp.org.rs\/wp-content\/uploads\/2020\/01\/Predaja-podnesaka-za-nadzor_GG_20.01.2020-768x432.jpg 768w, https:\/\/gkp.org.rs\/wp-content\/uploads\/2020\/01\/Predaja-podnesaka-za-nadzor_GG_20.01.2020-1024x576.jpg 1024w\" sizes=\"(max-width: 150px) 100vw, 150px\" \/><\/span><\/span><\/div><\/a><\/li><li class='cat-post-item'><a class=\"cat-post-everything-is-link\" href=\"https:\/\/gkp.org.rs\/en\/preporucujemo\/saopstenje-za-javnost-grupe-gradjana-povodom-inicijative-za-sazivanje-zbora-gradjana-koja-je-17-01-2020-godine-podneta-mesnoj-zajednici-ostrvo-u-novom-sadu\/\" title=\"\"><div><span class=\"cat-post-title\">SAOP\u0160TENJE ZA JAVNOST Grupe gra\u0111ana povodom inicijative za sazivanje Zbora gra\u0111ana koja je 17.01.2020. godine podneta Mesnoj zajednici \u201eOstrvo\u201c u Novom Sadu<\/span><\/div><div><span class=\"cat-post-thumbnail cat-post-white\"><span class=\"cat-post-crop cat-post-format cat-post-format-standard\"><img loading=\"lazy\" decoding=\"async\" width=\"150\" height=\"150\" src=\"https:\/\/gkp.org.rs\/wp-content\/uploads\/2020\/01\/vlcsnap-2020-01-17-14h47m16s147.png\" class=\"attachment- size- wp-post-image\" alt=\"\" data-cat-posts-width=\"150\" data-cat-posts-height=\"150\" srcset=\"https:\/\/gkp.org.rs\/wp-content\/uploads\/2020\/01\/vlcsnap-2020-01-17-14h47m16s147.png 1000w, https:\/\/gkp.org.rs\/wp-content\/uploads\/2020\/01\/vlcsnap-2020-01-17-14h47m16s147-300x169.png 300w, https:\/\/gkp.org.rs\/wp-content\/uploads\/2020\/01\/vlcsnap-2020-01-17-14h47m16s147-768x432.png 768w, https:\/\/gkp.org.rs\/wp-content\/uploads\/2020\/01\/vlcsnap-2020-01-17-14h47m16s147-1024x576.png 1024w\" sizes=\"(max-width: 150px) 100vw, 150px\" \/><\/span><\/span><\/div><\/a><\/li><li class='cat-post-item'><a class=\"cat-post-everything-is-link\" href=\"https:\/\/gkp.org.rs\/en\/preporucujemo\/tekst-dva-zbora\/\" title=\"\"><div><span class=\"cat-post-title\">Tekst: DVA ZBORA<\/span><\/div><div><span class=\"cat-post-thumbnail cat-post-white\"><span class=\"cat-post-crop cat-post-format cat-post-format-standard\"><img loading=\"lazy\" decoding=\"async\" width=\"150\" height=\"150\" src=\"https:\/\/gkp.org.rs\/wp-content\/uploads\/2019\/12\/GG-i-GKP-Konferencija-za-medije_12.12.2019.png\" class=\"attachment- size- wp-post-image\" alt=\"\" data-cat-posts-width=\"150\" data-cat-posts-height=\"150\" srcset=\"https:\/\/gkp.org.rs\/wp-content\/uploads\/2019\/12\/GG-i-GKP-Konferencija-za-medije_12.12.2019.png 1000w, https:\/\/gkp.org.rs\/wp-content\/uploads\/2019\/12\/GG-i-GKP-Konferencija-za-medije_12.12.2019-300x169.png 300w, https:\/\/gkp.org.rs\/wp-content\/uploads\/2019\/12\/GG-i-GKP-Konferencija-za-medije_12.12.2019-768x432.png 768w, https:\/\/gkp.org.rs\/wp-content\/uploads\/2019\/12\/GG-i-GKP-Konferencija-za-medije_12.12.2019-1024x576.png 1024w\" sizes=\"(max-width: 150px) 100vw, 150px\" \/><\/span><\/span><\/div><\/a><\/li><li class='cat-post-item'><a class=\"cat-post-everything-is-link\" href=\"https:\/\/gkp.org.rs\/en\/lokalne-politike-i-urbana-samouprava\/javna-tribina-grad-bez-zborova-gradjana-grad-bez-prava-ljudi\/\" title=\"\"><div><span class=\"cat-post-title\">Javna tribina: GRAD BEZ ZBOROVA GRA\u0110ANA \u2013 GRAD BEZ PRAVA LJUDI<\/span><\/div><div><span class=\"cat-post-thumbnail cat-post-white\"><span class=\"cat-post-crop cat-post-format cat-post-format-standard\"><img loading=\"lazy\" decoding=\"async\" width=\"150\" height=\"150\" src=\"https:\/\/gkp.org.rs\/wp-content\/uploads\/2019\/09\/j1.jpg\" class=\"attachment- size- wp-post-image\" alt=\"\" data-cat-posts-width=\"150\" data-cat-posts-height=\"150\" srcset=\"https:\/\/gkp.org.rs\/wp-content\/uploads\/2019\/09\/j1.jpg 1000w, https:\/\/gkp.org.rs\/wp-content\/uploads\/2019\/09\/j1-300x231.jpg 300w, https:\/\/gkp.org.rs\/wp-content\/uploads\/2019\/09\/j1-768x591.jpg 768w, https:\/\/gkp.org.rs\/wp-content\/uploads\/2019\/09\/j1-1024x788.jpg 1024w, https:\/\/gkp.org.rs\/wp-content\/uploads\/2019\/09\/j1-2000x1538.jpg 2000w, https:\/\/gkp.org.rs\/wp-content\/uploads\/2019\/09\/j1-1300x1000.jpg 1300w\" sizes=\"(max-width: 150px) 100vw, 150px\" \/><\/span><\/span><\/div><\/a><\/li><li class='cat-post-item'><a class=\"cat-post-everything-is-link\" href=\"https:\/\/gkp.org.rs\/en\/lokalne-politike-i-urbana-samouprava\/ako-vam-je-dobro-onda-epk\/\" title=\"\"><div><span class=\"cat-post-title\">AKO VAM JE DOBRO, ONDA EPK<\/span><\/div><div><span class=\"cat-post-thumbnail cat-post-white\"><span class=\"cat-post-crop cat-post-format cat-post-format-standard\"><img loading=\"lazy\" decoding=\"async\" width=\"150\" height=\"150\" src=\"https:\/\/gkp.org.rs\/wp-content\/uploads\/2019\/08\/Nova-mesta-projekat-Fondacije-NS2021-EPK-u-mesnim-zajednicama-poziv-gra\u0111anima-1.jpg\" class=\"attachment- size- wp-post-image\" alt=\"\" data-cat-posts-width=\"150\" data-cat-posts-height=\"150\" srcset=\"https:\/\/gkp.org.rs\/wp-content\/uploads\/2019\/08\/Nova-mesta-projekat-Fondacije-NS2021-EPK-u-mesnim-zajednicama-poziv-gra\u0111anima-1.jpg 1000w, https:\/\/gkp.org.rs\/wp-content\/uploads\/2019\/08\/Nova-mesta-projekat-Fondacije-NS2021-EPK-u-mesnim-zajednicama-poziv-gra\u0111anima-1-300x176.jpg 300w, https:\/\/gkp.org.rs\/wp-content\/uploads\/2019\/08\/Nova-mesta-projekat-Fondacije-NS2021-EPK-u-mesnim-zajednicama-poziv-gra\u0111anima-1-768x449.jpg 768w, https:\/\/gkp.org.rs\/wp-content\/uploads\/2019\/08\/Nova-mesta-projekat-Fondacije-NS2021-EPK-u-mesnim-zajednicama-poziv-gra\u0111anima-1-1024x599.jpg 1024w, https:\/\/gkp.org.rs\/wp-content\/uploads\/2019\/08\/Nova-mesta-projekat-Fondacije-NS2021-EPK-u-mesnim-zajednicama-poziv-gra\u0111anima-1-1300x761.jpg 1300w\" sizes=\"(max-width: 150px) 100vw, 150px\" \/><\/span><\/span><\/div><\/a><\/li><li class='cat-post-item'><a class=\"cat-post-everything-is-link\" href=\"https:\/\/gkp.org.rs\/en\/lokalne-politike-i-urbana-samouprava\/zasto-je-vazno-ne-zaboraviti-begec\/\" title=\"\"><div><span class=\"cat-post-title\">Za\u0161to je va\u017eno ne zaboraviti Bege\u010d<\/span><\/div><div><span class=\"cat-post-thumbnail cat-post-white\"><span class=\"cat-post-crop cat-post-format cat-post-format-standard\"><img loading=\"lazy\" decoding=\"async\" width=\"150\" height=\"150\" src=\"https:\/\/gkp.org.rs\/wp-content\/uploads\/2019\/07\/FOTO-Automobil-novosadskih-oznaka-izleteo-iz-kruznog-toka-u-Begecu.jpg\" class=\"attachment- size- wp-post-image\" alt=\"\" data-cat-posts-width=\"150\" data-cat-posts-height=\"150\" srcset=\"https:\/\/gkp.org.rs\/wp-content\/uploads\/2019\/07\/FOTO-Automobil-novosadskih-oznaka-izleteo-iz-kruznog-toka-u-Begecu.jpg 700w, https:\/\/gkp.org.rs\/wp-content\/uploads\/2019\/07\/FOTO-Automobil-novosadskih-oznaka-izleteo-iz-kruznog-toka-u-Begecu-300x176.jpg 300w\" sizes=\"(max-width: 150px) 100vw, 150px\" \/><\/span><\/span><\/div><\/a><\/li><li class='cat-post-item'><a class=\"cat-post-everything-is-link\" href=\"https:\/\/gkp.org.rs\/en\/bilten-stanar\/bilten-stanar-7-grad-zrenjanin-i-njegovi-heroji\/\" title=\"\"><div><span class=\"cat-post-title\">BILTEN STANAR #7: Grad Zrenjanin i njegovi heroji<\/span><\/div><div><span class=\"cat-post-thumbnail cat-post-white\"><span class=\"cat-post-crop cat-post-format cat-post-format-standard\"><img loading=\"lazy\" decoding=\"async\" width=\"150\" height=\"150\" src=\"https:\/\/gkp.org.rs\/wp-content\/uploads\/2019\/07\/11.jpg\" class=\"attachment- size- wp-post-image\" alt=\"\" data-cat-posts-width=\"150\" data-cat-posts-height=\"150\" srcset=\"https:\/\/gkp.org.rs\/wp-content\/uploads\/2019\/07\/11.jpg 1000w, https:\/\/gkp.org.rs\/wp-content\/uploads\/2019\/07\/11-300x215.jpg 300w, https:\/\/gkp.org.rs\/wp-content\/uploads\/2019\/07\/11-768x552.jpg 768w, https:\/\/gkp.org.rs\/wp-content\/uploads\/2019\/07\/11-1024x736.jpg 1024w, https:\/\/gkp.org.rs\/wp-content\/uploads\/2019\/07\/11-2000x1437.jpg 2000w, https:\/\/gkp.org.rs\/wp-content\/uploads\/2019\/07\/11-1300x934.jpg 1300w\" sizes=\"(max-width: 150px) 100vw, 150px\" \/><\/span><\/span><\/div><\/a><\/li><li class='cat-post-item'><a class=\"cat-post-everything-is-link\" href=\"https:\/\/gkp.org.rs\/en\/lokalne-politike-i-urbana-samouprava\/ils-blog-gradonacelnikova-simika-u-predizbornim-fekalijama\/\" title=\"\"><div><span class=\"cat-post-title\">ILS Blog: Gradona\u010delnikova \u0161imika u predizbornim fekalijama<\/span><\/div><div><span class=\"cat-post-thumbnail cat-post-white\"><span class=\"cat-post-crop cat-post-format cat-post-format-standard\"><img loading=\"lazy\" decoding=\"async\" width=\"150\" height=\"150\" src=\"https:\/\/gkp.org.rs\/wp-content\/uploads\/2019\/07\/B95B61A5-3755-48E6-9742-B5749D58D487.jpeg\" class=\"attachment- size- wp-post-image\" alt=\"\" data-cat-posts-width=\"150\" data-cat-posts-height=\"150\" srcset=\"https:\/\/gkp.org.rs\/wp-content\/uploads\/2019\/07\/B95B61A5-3755-48E6-9742-B5749D58D487.jpeg 1000w, https:\/\/gkp.org.rs\/wp-content\/uploads\/2019\/07\/B95B61A5-3755-48E6-9742-B5749D58D487-300x200.jpeg 300w, https:\/\/gkp.org.rs\/wp-content\/uploads\/2019\/07\/B95B61A5-3755-48E6-9742-B5749D58D487-768x511.jpeg 768w, https:\/\/gkp.org.rs\/wp-content\/uploads\/2019\/07\/B95B61A5-3755-48E6-9742-B5749D58D487-450x300.jpeg 450w, https:\/\/gkp.org.rs\/wp-content\/uploads\/2019\/07\/B95B61A5-3755-48E6-9742-B5749D58D487-272x182.jpeg 272w\" sizes=\"(max-width: 150px) 100vw, 150px\" \/><\/span><\/span><\/div><\/a><\/li><li class='cat-post-item'><a class=\"cat-post-everything-is-link\" href=\"https:\/\/gkp.org.rs\/en\/bilten-stanar\/tribina-i-promocija-7-biltena-stanar-pravo-na-begec\/\" title=\"\"><div><span class=\"cat-post-title\">Tribina i promocija #7 BILTENA STANAR &#8211; PRAVO NA BEGE\u010c<\/span><\/div><div><span class=\"cat-post-thumbnail cat-post-white\"><span class=\"cat-post-crop cat-post-format cat-post-format-standard\"><img loading=\"lazy\" decoding=\"async\" width=\"150\" height=\"150\" src=\"https:\/\/gkp.org.rs\/wp-content\/uploads\/2019\/06\/bc2-uzi.jpg\" class=\"attachment- size- wp-post-image\" alt=\"\" data-cat-posts-width=\"150\" data-cat-posts-height=\"150\" srcset=\"https:\/\/gkp.org.rs\/wp-content\/uploads\/2019\/06\/bc2-uzi.jpg 1000w, https:\/\/gkp.org.rs\/wp-content\/uploads\/2019\/06\/bc2-uzi-300x166.jpg 300w, https:\/\/gkp.org.rs\/wp-content\/uploads\/2019\/06\/bc2-uzi-768x426.jpg 768w, https:\/\/gkp.org.rs\/wp-content\/uploads\/2019\/06\/bc2-uzi-1024x568.jpg 1024w, https:\/\/gkp.org.rs\/wp-content\/uploads\/2019\/06\/bc2-uzi-2000x1109.jpg 2000w, https:\/\/gkp.org.rs\/wp-content\/uploads\/2019\/06\/bc2-uzi-1300x721.jpg 1300w\" sizes=\"(max-width: 150px) 100vw, 150px\" \/><\/span><\/span><\/div><\/a><\/li><li class='cat-post-item'><a class=\"cat-post-everything-is-link\" href=\"https:\/\/gkp.org.rs\/en\/bilten-stanar\/bilten-stanar-7-pravo-na-begec\/\" title=\"\"><div><span class=\"cat-post-title\">BILTEN STANAR #7: Pravo na Bege\u010d<\/span><\/div><div><span class=\"cat-post-thumbnail cat-post-white\"><span class=\"cat-post-crop cat-post-format cat-post-format-standard\"><img loading=\"lazy\" decoding=\"async\" width=\"150\" height=\"150\" src=\"https:\/\/gkp.org.rs\/wp-content\/uploads\/2019\/06\/5E-2.jpg\" class=\"attachment- size- wp-post-image\" alt=\"\" data-cat-posts-width=\"150\" data-cat-posts-height=\"150\" srcset=\"https:\/\/gkp.org.rs\/wp-content\/uploads\/2019\/06\/5E-2.jpg 1000w, https:\/\/gkp.org.rs\/wp-content\/uploads\/2019\/06\/5E-2-300x155.jpg 300w, https:\/\/gkp.org.rs\/wp-content\/uploads\/2019\/06\/5E-2-768x397.jpg 768w, https:\/\/gkp.org.rs\/wp-content\/uploads\/2019\/06\/5E-2-1024x529.jpg 1024w\" sizes=\"(max-width: 150px) 100vw, 150px\" \/><\/span><\/span><\/div><\/a><\/li><li class='cat-post-item'><a class=\"cat-post-everything-is-link\" href=\"https:\/\/gkp.org.rs\/en\/bilten-stanar\/bilten-stanar-7-novo-agregatno-stanje-vode-slucaj-begec\/\" title=\"\"><div><span class=\"cat-post-title\">BILTEN STANAR #7: Novo agregatno stanje vode &#8211; slu\u010daj Bege\u010d<\/span><\/div><div><span class=\"cat-post-thumbnail cat-post-white\"><span class=\"cat-post-crop cat-post-format cat-post-format-standard\"><img loading=\"lazy\" decoding=\"async\" width=\"150\" height=\"150\" src=\"https:\/\/gkp.org.rs\/wp-content\/uploads\/2019\/06\/5D-1.jpg\" class=\"attachment- size- wp-post-image\" alt=\"\" data-cat-posts-width=\"150\" data-cat-posts-height=\"150\" srcset=\"https:\/\/gkp.org.rs\/wp-content\/uploads\/2019\/06\/5D-1.jpg 979w, https:\/\/gkp.org.rs\/wp-content\/uploads\/2019\/06\/5D-1-300x225.jpg 300w, https:\/\/gkp.org.rs\/wp-content\/uploads\/2019\/06\/5D-1-768x576.jpg 768w\" sizes=\"(max-width: 150px) 100vw, 150px\" \/><\/span><\/span><\/div><\/a><\/li><li class='cat-post-item'><a class=\"cat-post-everything-is-link\" href=\"https:\/\/gkp.org.rs\/en\/bilten-stanar\/bilten-stanar-7-u-raljama-bezbjednosnog-urbanizma\/\" title=\"\"><div><span class=\"cat-post-title\">BILTEN STANAR #7: U raljama bezbjednosnog urbanizma<\/span><\/div><div><span class=\"cat-post-thumbnail cat-post-white\"><span class=\"cat-post-crop cat-post-format cat-post-format-standard\"><img loading=\"lazy\" decoding=\"async\" width=\"150\" height=\"150\" src=\"https:\/\/gkp.org.rs\/wp-content\/uploads\/2019\/06\/14.-Sa-protesta-gra\u0111ana-i-stanara-u-dvoris\u030ctu-buduc\u0301e-zgrade-Specijalnog-suda-u-Straz\u030cilovskoj-ulici-Novi-Sad-7.-jun-2019.jpg\" class=\"attachment- size- wp-post-image\" alt=\"\" data-cat-posts-width=\"150\" data-cat-posts-height=\"150\" srcset=\"https:\/\/gkp.org.rs\/wp-content\/uploads\/2019\/06\/14.-Sa-protesta-gra\u0111ana-i-stanara-u-dvoris\u030ctu-buduc\u0301e-zgrade-Specijalnog-suda-u-Straz\u030cilovskoj-ulici-Novi-Sad-7.-jun-2019.jpg 1000w, https:\/\/gkp.org.rs\/wp-content\/uploads\/2019\/06\/14.-Sa-protesta-gra\u0111ana-i-stanara-u-dvoris\u030ctu-buduc\u0301e-zgrade-Specijalnog-suda-u-Straz\u030cilovskoj-ulici-Novi-Sad-7.-jun-2019-300x191.jpg 300w, https:\/\/gkp.org.rs\/wp-content\/uploads\/2019\/06\/14.-Sa-protesta-gra\u0111ana-i-stanara-u-dvoris\u030ctu-buduc\u0301e-zgrade-Specijalnog-suda-u-Straz\u030cilovskoj-ulici-Novi-Sad-7.-jun-2019-768x490.jpg 768w, https:\/\/gkp.org.rs\/wp-content\/uploads\/2019\/06\/14.-Sa-protesta-gra\u0111ana-i-stanara-u-dvoris\u030ctu-buduc\u0301e-zgrade-Specijalnog-suda-u-Straz\u030cilovskoj-ulici-Novi-Sad-7.-jun-2019-1024x653.jpg 1024w\" sizes=\"(max-width: 150px) 100vw, 150px\" \/><\/span><\/span><\/div><\/a><\/li><li class='cat-post-item'><a class=\"cat-post-everything-is-link\" href=\"https:\/\/gkp.org.rs\/en\/bilten-stanar\/bilten-stanar-7-duh-zakona-o-planiranju-i-izgradnji\/\" title=\"\"><div><span class=\"cat-post-title\">BILTEN STANAR #7: Duh zakona o planiranju i izgradnji<\/span><\/div><div><span class=\"cat-post-thumbnail cat-post-white\"><span class=\"cat-post-crop cat-post-format cat-post-format-standard\"><img loading=\"lazy\" decoding=\"async\" width=\"150\" height=\"150\" src=\"https:\/\/gkp.org.rs\/wp-content\/uploads\/2019\/06\/8.jpg\" class=\"attachment- size- wp-post-image\" alt=\"\" data-cat-posts-width=\"150\" data-cat-posts-height=\"150\" srcset=\"https:\/\/gkp.org.rs\/wp-content\/uploads\/2019\/06\/8.jpg 1000w, https:\/\/gkp.org.rs\/wp-content\/uploads\/2019\/06\/8-300x152.jpg 300w, https:\/\/gkp.org.rs\/wp-content\/uploads\/2019\/06\/8-768x389.jpg 768w\" sizes=\"(max-width: 150px) 100vw, 150px\" \/><\/span><\/span><\/div><\/a><\/li><li class='cat-post-item'><a class=\"cat-post-everything-is-link\" href=\"https:\/\/gkp.org.rs\/en\/lokalne-politike-i-urbana-samouprava\/javna-rasprava-o-javnom-uvidu-izvestaj-sa-javne-sednice-komisije-za-planove-strazilovska-i-maksima-gorkog\/\" title=\"\"><div><span class=\"cat-post-title\">JAVNA RASPRAVA O JAVNOM UVIDU &#8211; Izve\u0161taj sa javne sednice Komisije za planove \u2013 Stra\u017eilovska i Maksima Gorkog<\/span><\/div><div><span class=\"cat-post-thumbnail cat-post-white\"><span class=\"cat-post-crop cat-post-format cat-post-format-standard\"><img loading=\"lazy\" decoding=\"async\" width=\"150\" height=\"150\" src=\"https:\/\/gkp.org.rs\/wp-content\/uploads\/2019\/06\/Livadica-Komisija-foto-VOICE-bv.jpg\" class=\"attachment- size- wp-post-image\" alt=\"\" data-cat-posts-width=\"150\" data-cat-posts-height=\"150\" srcset=\"https:\/\/gkp.org.rs\/wp-content\/uploads\/2019\/06\/Livadica-Komisija-foto-VOICE-bv.jpg 1000w, https:\/\/gkp.org.rs\/wp-content\/uploads\/2019\/06\/Livadica-Komisija-foto-VOICE-bv-300x207.jpg 300w, https:\/\/gkp.org.rs\/wp-content\/uploads\/2019\/06\/Livadica-Komisija-foto-VOICE-bv-768x529.jpg 768w\" sizes=\"(max-width: 150px) 100vw, 150px\" \/><\/span><\/span><\/div><\/a><\/li><li class='cat-post-item'><a class=\"cat-post-everything-is-link\" href=\"https:\/\/gkp.org.rs\/en\/lokalne-politike-i-urbana-samouprava\/polozaj-stanara-u-urbanistickim-i-politickim-procedurama-slucaj-javnog-uvida-u-nacrt-izmena-plana-na-uglu-bulevara-kralja-petra-i-i-rumenacke-ulice\/\" title=\"\"><div><span class=\"cat-post-title\">POLO\u017dAJ STANARA U URBANISTI\u010cKIM I POLITI\u010cKIM PROCEDURAMA &#8211; Slu\u010daj javnog uvida u Nacrt izmena Plana na uglu Bulevara kralja Petra I i Rumena\u010dke ulice<\/span><\/div><div><span class=\"cat-post-thumbnail cat-post-white\"><span class=\"cat-post-crop cat-post-format cat-post-format-standard\"><img loading=\"lazy\" decoding=\"async\" width=\"150\" height=\"150\" src=\"https:\/\/gkp.org.rs\/wp-content\/uploads\/2019\/05\/thumb_IMG_0796_1024.jpg\" class=\"attachment- size- wp-post-image\" alt=\"\" data-cat-posts-width=\"150\" data-cat-posts-height=\"150\" srcset=\"https:\/\/gkp.org.rs\/wp-content\/uploads\/2019\/05\/thumb_IMG_0796_1024.jpg 1000w, https:\/\/gkp.org.rs\/wp-content\/uploads\/2019\/05\/thumb_IMG_0796_1024-300x225.jpg 300w, https:\/\/gkp.org.rs\/wp-content\/uploads\/2019\/05\/thumb_IMG_0796_1024-768x576.jpg 768w\" sizes=\"(max-width: 150px) 100vw, 150px\" \/><\/span><\/span><\/div><\/a><\/li><li class='cat-post-item'><a class=\"cat-post-everything-is-link\" href=\"https:\/\/gkp.org.rs\/en\/lokalne-politike-i-urbana-samouprava\/sastanak-inicijative-za-lokalnu-samoupravu-i-poseta-gradjanima-i-mesnoj-zajednici-u-begecu\/\" title=\"\"><div><span class=\"cat-post-title\">Sastanak INICIJATIVE ZA LOKALNU SAMOUPRAVU i poseta gra\u0111anima i mesnoj zajednici u BEGE\u010cU<\/span><\/div><div><span class=\"cat-post-thumbnail cat-post-white\"><span class=\"cat-post-crop cat-post-format cat-post-format-standard\"><img loading=\"lazy\" decoding=\"async\" width=\"150\" height=\"150\" src=\"https:\/\/gkp.org.rs\/wp-content\/uploads\/2019\/05\/thumb_IMG_0612_1024.jpg\" class=\"attachment- size- wp-post-image\" alt=\"\" data-cat-posts-width=\"150\" data-cat-posts-height=\"150\" srcset=\"https:\/\/gkp.org.rs\/wp-content\/uploads\/2019\/05\/thumb_IMG_0612_1024.jpg 1000w, https:\/\/gkp.org.rs\/wp-content\/uploads\/2019\/05\/thumb_IMG_0612_1024-300x225.jpg 300w, https:\/\/gkp.org.rs\/wp-content\/uploads\/2019\/05\/thumb_IMG_0612_1024-768x576.jpg 768w\" sizes=\"(max-width: 150px) 100vw, 150px\" \/><\/span><\/span><\/div><\/a><\/li><li class='cat-post-item'><a class=\"cat-post-everything-is-link\" href=\"https:\/\/gkp.org.rs\/en\/lokalne-politike-i-urbana-samouprava\/treci-sastanak-inicijative\/\" title=\"\"><div><span class=\"cat-post-title\">Sa tre\u0107eg sastanka INICIJATIVE ZA LOKALNU SAMOUPRAVU<\/span><\/div><div><span class=\"cat-post-thumbnail cat-post-white\"><span class=\"cat-post-crop cat-post-format cat-post-format-standard\"><img loading=\"lazy\" decoding=\"async\" width=\"150\" height=\"150\" src=\"https:\/\/gkp.org.rs\/wp-content\/uploads\/2019\/03\/thumb_IMG_0481_1024.jpg\" class=\"attachment- size- wp-post-image\" alt=\"\" data-cat-posts-width=\"150\" data-cat-posts-height=\"150\" srcset=\"https:\/\/gkp.org.rs\/wp-content\/uploads\/2019\/03\/thumb_IMG_0481_1024.jpg 877w, https:\/\/gkp.org.rs\/wp-content\/uploads\/2019\/03\/thumb_IMG_0481_1024-300x225.jpg 300w, https:\/\/gkp.org.rs\/wp-content\/uploads\/2019\/03\/thumb_IMG_0481_1024-768x576.jpg 768w\" sizes=\"(max-width: 150px) 100vw, 150px\" \/><\/span><\/span><\/div><\/a><\/li><li class='cat-post-item'><a class=\"cat-post-everything-is-link\" href=\"https:\/\/gkp.org.rs\/en\/lokalne-politike-i-urbana-samouprava\/inicijativa-za-lokalnu-samoupravu-gkp-cetvrtak-14-februar-2019-u-18h\/\" title=\"\"><div><span class=\"cat-post-title\">INICIJATIVA ZA LOKALNU SAMOUPRAVU &#8211; \u010detvrtak 14. februar 2019. u 18h<\/span><\/div><div><span class=\"cat-post-thumbnail cat-post-white\"><span class=\"cat-post-crop cat-post-format cat-post-format-standard\"><img loading=\"lazy\" decoding=\"async\" width=\"150\" height=\"150\" src=\"https:\/\/gkp.org.rs\/wp-content\/uploads\/2019\/02\/s-5.jpg\" class=\"attachment- size- wp-post-image\" alt=\"\" data-cat-posts-width=\"150\" data-cat-posts-height=\"150\" srcset=\"https:\/\/gkp.org.rs\/wp-content\/uploads\/2019\/02\/s-5.jpg 1000w, https:\/\/gkp.org.rs\/wp-content\/uploads\/2019\/02\/s-5-300x225.jpg 300w, https:\/\/gkp.org.rs\/wp-content\/uploads\/2019\/02\/s-5-768x576.jpg 768w, https:\/\/gkp.org.rs\/wp-content\/uploads\/2019\/02\/s-5-1024x768.jpg 1024w, https:\/\/gkp.org.rs\/wp-content\/uploads\/2019\/02\/s-5-1300x975.jpg 1300w\" sizes=\"(max-width: 150px) 100vw, 150px\" \/><\/span><\/span><\/div><\/a><\/li><li class='cat-post-item'><a class=\"cat-post-everything-is-link\" href=\"https:\/\/gkp.org.rs\/en\/preporucujemo\/lokalne-politike-gradjani-moraju-ucestvovati-u-radu-mesnih-zajednica\/\" title=\"\"><div><span class=\"cat-post-title\">Lokalne politike: Gra\u0111ani moraju u\u010destvovati u radu mesnih zajednica<\/span><\/div><div><span class=\"cat-post-thumbnail cat-post-white\"><span class=\"cat-post-crop cat-post-format cat-post-format-standard\"><img loading=\"lazy\" decoding=\"async\" width=\"150\" height=\"150\" src=\"https:\/\/gkp.org.rs\/wp-content\/uploads\/2018\/02\/DSC_0157.jpg\" class=\"attachment- size- wp-post-image\" alt=\"\" data-cat-posts-width=\"150\" data-cat-posts-height=\"150\" srcset=\"https:\/\/gkp.org.rs\/wp-content\/uploads\/2018\/02\/DSC_0157.jpg 1000w, https:\/\/gkp.org.rs\/wp-content\/uploads\/2018\/02\/DSC_0157-300x225.jpg 300w, https:\/\/gkp.org.rs\/wp-content\/uploads\/2018\/02\/DSC_0157-768x576.jpg 768w, https:\/\/gkp.org.rs\/wp-content\/uploads\/2018\/02\/DSC_0157-1024x768.jpg 1024w, https:\/\/gkp.org.rs\/wp-content\/uploads\/2018\/02\/DSC_0157-2000x1500.jpg 2000w, https:\/\/gkp.org.rs\/wp-content\/uploads\/2018\/02\/DSC_0157-1300x975.jpg 1300w\" sizes=\"(max-width: 150px) 100vw, 150px\" \/><\/span><\/span><\/div><\/a><\/li><li class='cat-post-item'><a class=\"cat-post-everything-is-link\" href=\"https:\/\/gkp.org.rs\/en\/lokalne-politike-i-urbana-samouprava\/komsijska-odbrana-zgrade-na-detelinari\/\" title=\"\"><div><span class=\"cat-post-title\">Kom\u0161ijska odbrana zgrade na Detelinari<\/span><\/div><div><span class=\"cat-post-thumbnail cat-post-white\"><span class=\"cat-post-crop cat-post-format cat-post-format-standard\"><img loading=\"lazy\" decoding=\"async\" width=\"150\" height=\"150\" src=\"https:\/\/gkp.org.rs\/wp-content\/uploads\/2017\/12\/1.-glavna-fotka-3.jpg\" class=\"attachment- size- wp-post-image\" alt=\"\" data-cat-posts-width=\"150\" data-cat-posts-height=\"150\" srcset=\"https:\/\/gkp.org.rs\/wp-content\/uploads\/2017\/12\/1.-glavna-fotka-3.jpg 1000w, https:\/\/gkp.org.rs\/wp-content\/uploads\/2017\/12\/1.-glavna-fotka-3-300x225.jpg 300w, https:\/\/gkp.org.rs\/wp-content\/uploads\/2017\/12\/1.-glavna-fotka-3-768x576.jpg 768w, https:\/\/gkp.org.rs\/wp-content\/uploads\/2017\/12\/1.-glavna-fotka-3-1024x768.jpg 1024w, https:\/\/gkp.org.rs\/wp-content\/uploads\/2017\/12\/1.-glavna-fotka-3-2000x1500.jpg 2000w, https:\/\/gkp.org.rs\/wp-content\/uploads\/2017\/12\/1.-glavna-fotka-3-1300x975.jpg 1300w\" sizes=\"(max-width: 150px) 100vw, 150px\" \/><\/span><\/span><\/div><\/a><\/li><li class='cat-post-item'><a class=\"cat-post-everything-is-link\" href=\"https:\/\/gkp.org.rs\/en\/najave\/dodite-da-ucestvujete-na-ponovljenom-zboru-gradana-u-utorak-9-maja-u-1730h-mz-jugovicevo-detelinara-novi-sad\/\" title=\"\"><div><span class=\"cat-post-title\">Do\u0111ite da u\u010destvujete na ponovljenom zboru gra\u0111ana, u utorak 9. maja u 17:30h, MZ Jugovi\u0107evo, Detelinara, Novi Sad<\/span><\/div><div><span class=\"cat-post-thumbnail cat-post-white\"><span class=\"cat-post-crop cat-post-format cat-post-format-standard\"><img loading=\"lazy\" decoding=\"async\" width=\"150\" height=\"150\" src=\"https:\/\/gkp.org.rs\/wp-content\/uploads\/2017\/12\/Zbor-gradjan-ponovljeni.jpg\" class=\"attachment- size- wp-post-image\" alt=\"\" data-cat-posts-width=\"150\" data-cat-posts-height=\"150\" srcset=\"https:\/\/gkp.org.rs\/wp-content\/uploads\/2017\/12\/Zbor-gradjan-ponovljeni.jpg 1000w, https:\/\/gkp.org.rs\/wp-content\/uploads\/2017\/12\/Zbor-gradjan-ponovljeni-300x143.jpg 300w, https:\/\/gkp.org.rs\/wp-content\/uploads\/2017\/12\/Zbor-gradjan-ponovljeni-768x366.jpg 768w, https:\/\/gkp.org.rs\/wp-content\/uploads\/2017\/12\/Zbor-gradjan-ponovljeni-1024x487.jpg 1024w\" sizes=\"(max-width: 150px) 100vw, 150px\" \/><\/span><\/span><\/div><\/a><\/li><li class='cat-post-item'><a class=\"cat-post-everything-is-link\" href=\"https:\/\/gkp.org.rs\/en\/lokalne-politike-i-urbana-samouprava\/u-sredu-12-aprila-2017-godine-u-mesnoj-zajednici-jugovicevou-17-casova-tarasa-sevcenka-1-detelinara-novi-sadu-sredu-odlucujemo-o-postavljanju-bazne-stanice-na-nasoj-z\/\" title=\"\"><div><span class=\"cat-post-title\">Do\u0111ite da u\u010destvujete u zboru gra\u0111ana \u2013 u sredu odlu\u010dujemo o postavljanju bazne stanice na na\u0161oj zgradi<\/span><\/div><div><span class=\"cat-post-thumbnail cat-post-white\"><span class=\"cat-post-crop cat-post-format cat-post-format-standard\"><img loading=\"lazy\" decoding=\"async\" width=\"150\" height=\"150\" src=\"https:\/\/gkp.org.rs\/wp-content\/uploads\/2017\/12\/IMG_20170410_144133.jpg\" class=\"attachment- size- wp-post-image\" alt=\"\" data-cat-posts-width=\"150\" data-cat-posts-height=\"150\" srcset=\"https:\/\/gkp.org.rs\/wp-content\/uploads\/2017\/12\/IMG_20170410_144133.jpg 1000w, https:\/\/gkp.org.rs\/wp-content\/uploads\/2017\/12\/IMG_20170410_144133-300x225.jpg 300w, https:\/\/gkp.org.rs\/wp-content\/uploads\/2017\/12\/IMG_20170410_144133-768x576.jpg 768w, https:\/\/gkp.org.rs\/wp-content\/uploads\/2017\/12\/IMG_20170410_144133-1024x768.jpg 1024w, https:\/\/gkp.org.rs\/wp-content\/uploads\/2017\/12\/IMG_20170410_144133-2000x1500.jpg 2000w, https:\/\/gkp.org.rs\/wp-content\/uploads\/2017\/12\/IMG_20170410_144133-1300x975.jpg 1300w\" sizes=\"(max-width: 150px) 100vw, 150px\" \/><\/span><\/span><\/div><\/a><\/li><li class='cat-post-item'><a class=\"cat-post-everything-is-link\" href=\"https:\/\/gkp.org.rs\/en\/lokalne-politike-i-urbana-samouprava\/predlog-zakona-o-stanovanju-neprihvatljiv\/\" title=\"\"><div><span class=\"cat-post-title\">Predlog zakona o stanovanju neprihvatljiv<\/span><\/div><div><span class=\"cat-post-thumbnail cat-post-white\"><span class=\"cat-post-crop cat-post-format cat-post-format-standard\"><img loading=\"lazy\" decoding=\"async\" width=\"150\" height=\"150\" src=\"https:\/\/gkp.org.rs\/wp-content\/uploads\/2017\/12\/Stanovi-2-foto-K-Kamneov_1000x0-crop-840x200-570x200.jpg\" class=\"attachment- size- wp-post-image\" alt=\"\" data-cat-posts-width=\"150\" data-cat-posts-height=\"150\" srcset=\"https:\/\/gkp.org.rs\/wp-content\/uploads\/2017\/12\/Stanovi-2-foto-K-Kamneov_1000x0-crop-840x200-570x200.jpg 570w, https:\/\/gkp.org.rs\/wp-content\/uploads\/2017\/12\/Stanovi-2-foto-K-Kamneov_1000x0-crop-840x200-570x200-300x105.jpg 300w\" sizes=\"(max-width: 150px) 100vw, 150px\" \/><\/span><\/span><\/div><\/a><\/li><li class='cat-post-item'><a class=\"cat-post-everything-is-link\" href=\"https:\/\/gkp.org.rs\/en\/lokalne-politike-i-urbana-samouprava\/sukob-stanara-zbog-telenorovog-predajnika-u-ulici-svetislava-kasapinovica-21\/\" title=\"\"><div><span class=\"cat-post-title\">Sukob stanara zbog Telenorovog predajnika u ulici Svetislava Kasapinovi\u0107a 21<\/span><\/div><div><span class=\"cat-post-thumbnail cat-post-white\"><span class=\"cat-post-crop cat-post-format cat-post-format-standard\"><img loading=\"lazy\" decoding=\"async\" width=\"150\" height=\"150\" src=\"https:\/\/gkp.org.rs\/wp-content\/uploads\/2017\/12\/Antena.jpg\" class=\"attachment- size- wp-post-image\" alt=\"\" data-cat-posts-width=\"150\" data-cat-posts-height=\"150\" srcset=\"https:\/\/gkp.org.rs\/wp-content\/uploads\/2017\/12\/Antena.jpg 794w, https:\/\/gkp.org.rs\/wp-content\/uploads\/2017\/12\/Antena-300x230.jpg 300w, https:\/\/gkp.org.rs\/wp-content\/uploads\/2017\/12\/Antena-768x590.jpg 768w\" sizes=\"(max-width: 150px) 100vw, 150px\" \/><\/span><\/span><\/div><\/a><\/li><\/ul>\n<\/div><\/div><\/div><\/div>","protected":false},"excerpt":{"rendered":"","protected":false},"author":1,"featured_media":0,"parent":0,"menu_order":0,"comment_status":"closed","ping_status":"closed","template":"full-width.php","meta":{"footnotes":""},"jetpack_sharing_enabled":true,"_links":{"self":[{"href":"https:\/\/gkp.org.rs\/en\/wp-json\/wp\/v2\/pages\/1137"}],"collection":[{"href":"https:\/\/gkp.org.rs\/en\/wp-json\/wp\/v2\/pages"}],"about":[{"href":"https:\/\/gkp.org.rs\/en\/wp-json\/wp\/v2\/types\/page"}],"author":[{"embeddable":true,"href":"https:\/\/gkp.org.rs\/en\/wp-json\/wp\/v2\/users\/1"}],"replies":[{"embeddable":true,"href":"https:\/\/gkp.org.rs\/en\/wp-json\/wp\/v2\/comments?post=1137"}],"version-history":[{"count":0,"href":"https:\/\/gkp.org.rs\/en\/wp-json\/wp\/v2\/pages\/1137\/revisions"}],"wp:attachment":[{"href":"https:\/\/gkp.org.rs\/en\/wp-json\/wp\/v2\/media?parent=1137"}],"curies":[{"name":"wp","href":"https:\/\/api.w.org\/{rel}","templated":true}]}}